{"id":576,"date":"2020-05-07T18:09:29","date_gmt":"2020-05-07T18:09:29","guid":{"rendered":"http:\/\/algortakojaibatzordea.eus\/index.php\/home-espanol\/"},"modified":"2020-07-24T08:39:44","modified_gmt":"2020-07-24T08:39:44","slug":"home-espanol","status":"publish","type":"page","link":"https:\/\/algortakojaibatzordea.eus\/index.php\/es\/home-espanol\/","title":{"rendered":"Home &#8211; Espa\u00f1ol"},"content":{"rendered":"\t\t<div data-elementor-type=\"wp-page\" data-elementor-id=\"576\" class=\"elementor elementor-576\">\n\t\t\t\t\t\t<section class=\"elementor-section elementor-top-section elementor-element elementor-element-0977ffa elementor-section-boxed elementor-section-height-default elementor-section-height-default\" data-id=\"0977ffa\" data-element_type=\"section\">\n\t\t\t\t\t\t<div class=\"elementor-container elementor-column-gap-default\">\n\t\t\t\t\t<div class=\"elementor-column elementor-col-50 elementor-top-column elementor-element elementor-element-673a874\" data-id=\"673a874\" data-element_type=\"column\">\n\t\t\t<div class=\"elementor-widget-wrap elementor-element-populated\">\n\t\t\t\t\t\t<div class=\"elementor-element elementor-element-3c431d2 elementor-widget elementor-widget-text-editor\" data-id=\"3c431d2\" data-element_type=\"widget\" data-widget_type=\"text-editor.default\">\n\t\t\t\t<div class=\"elementor-widget-container\">\n\t\t\t\t\t\t\t<h1>Quienes Somos<\/h1>\t\t\t\t\t\t<\/div>\n\t\t\t\t<\/div>\n\t\t\t\t<div class=\"elementor-element elementor-element-9568379 elementor-widget elementor-widget-text-editor\" data-id=\"9568379\" data-element_type=\"widget\" data-widget_type=\"text-editor.default\">\n\t\t\t\t<div class=\"elementor-widget-container\">\n\t\t\t\t\t\t\t<p><span style=\"color: #222222; font-family: Arial, Helvetica, sans-serif; font-size: small;\">Aunque durante muchos a\u00f1os antes se hab\u00edan realizado diversos actos y\u00a0<\/span><span style=\"color: #222222; font-family: Arial, Helvetica, sans-serif; font-size: small;\">eventos para celebrar el Patr\u00f3n de San Ignacio\u00a0<\/span><span style=\"color: #222222; font-family: Arial, Helvetica, sans-serif; font-size: small;\">el 31 de Julio, no es hasta &#8216;la llegada de la Democracia&#8217; cuando gente\u00a0<\/span><span style=\"color: #222222; font-family: Arial, Helvetica, sans-serif; font-size: small;\">de diferentes \u00e1mbitos del pueblo de Algorta\u00a0<\/span><span style=\"color: #222222; font-family: Arial, Helvetica, sans-serif; font-size: small;\">se empieza a juntar con \u00e1nimo de crear y hacer disfrutar a la gente en\u00a0<\/span><span style=\"color: #222222; font-family: Arial, Helvetica, sans-serif; font-size: small;\">un entorno festivo y popular creando la primera Comisi\u00f3n de Fiestas.<\/span><\/p><p><span style=\"background-color: transparent; color: #222222; font-family: Arial, Helvetica, sans-serif; font-size: small;\">Con la idea de reforzar la cultura y las costumbres del pueblo se\u00a0<\/span><span style=\"background-color: transparent; color: #222222; font-family: Arial, Helvetica, sans-serif; font-size: small;\">comienzan a organizar diferentes eventos para todas las edades\u00a0<\/span><span style=\"background-color: transparent; color: #222222; font-family: Arial, Helvetica, sans-serif; font-size: small;\">en los que participan hosteleros, comerciantes, grupos d<\/span><span style=\"background-color: transparent; color: #222222; font-family: Arial, Helvetica, sans-serif; font-size: small;\">eportivos,asociaciones culturales&#8230;\u00a0<\/span><span style=\"background-color: transparent; color: #222222; font-family: Arial, Helvetica, sans-serif; font-size: small;\">En todos estos a\u00f1os, la gente que llevaba la voz cantante de manera\u00a0<\/span><span style=\"background-color: transparent; color: #222222; font-family: Arial, Helvetica, sans-serif; font-size: small;\">altru\u00edsta ha ido cambiando, pero la esencia y la creencia de crear <\/span><span style=\"background-color: transparent; color: #222222; font-family: Arial, Helvetica, sans-serif; font-size: small;\">unas fiestas por y para el pueblo siguen presentes en las personas que\u00a0<\/span><span style=\"background-color: transparent; color: #222222; font-family: Arial, Helvetica, sans-serif; font-size: small;\">hoy en d\u00eda forman la comisi\u00f3n y que a\u00f1o tras a\u00f1o organizan las Fiestas\u00a0<\/span><span style=\"background-color: transparent; color: #222222; font-family: Arial, Helvetica, sans-serif; font-size: small;\">de\u00a0<\/span><span style=\"background-color: transparent; color: #222222; font-family: Arial, Helvetica, sans-serif; font-size: small;\">San Ignacio.<\/span><\/p><p><span style=\"color: #222222; font-family: Arial, Helvetica, sans-serif; font-size: small;\">En el a\u00f1o 2012, la comisi\u00f3n decide embarcarse en un nuevo reto\u00a0<\/span><span style=\"color: #222222; font-family: Arial, Helvetica, sans-serif; font-size: small;\">cogiendo la responsabilidad de organizar los carnavales de Algorta\u00a0<\/span><span style=\"color: #222222; font-family: Arial, Helvetica, sans-serif; font-size: small;\">dandole un enfoque m\u00e1s popular y participativo, recogiendo as\u00ed el <\/span><span style=\"color: #222222; font-family: Arial, Helvetica, sans-serif; font-size: small;\">testigo que durante muchos a\u00f1os tuvieron los hosteleros para animar el\u00a0<\/span><span style=\"color: #222222; font-family: Arial, Helvetica, sans-serif; font-size: small;\">pueblo\u00a0<\/span><span style=\"color: #222222; font-family: Arial, Helvetica, sans-serif; font-size: small;\">en estas fechas. La bajada de coadrillas, el photocol, la txokolatada\u00a0<\/span><span style=\"color: #222222; font-family: Arial, Helvetica, sans-serif; font-size: small;\">y la comida popular en la plaza de San Nicol\u00e1s son <\/span><span style=\"color: #222222; font-family: Arial, Helvetica, sans-serif; font-size: small;\">algunas de las actividades que se propusieron y que a d\u00eda de hoy se\u00a0<\/span><span style=\"color: #222222; font-family: Arial, Helvetica, sans-serif; font-size: small;\">siguen realizando.<\/span><br style=\"color: #222222; font-family: Arial, Helvetica, sans-serif; font-size: small;\" \/><br style=\"color: #222222; font-family: Arial, Helvetica, sans-serif; font-size: small;\" \/><span style=\"color: #222222; font-family: Arial, Helvetica, sans-serif; font-size: small;\"><em>(seguimos recabando informaci\u00f3n sobre nuestra historia, as\u00ed que\u00a0<\/em><\/span><span style=\"color: #222222; font-family: Arial, Helvetica, sans-serif; font-size: small;\">cualquier aportaci\u00f3n ser\u00e1 m\u00e1s que bienvenida)<\/span><\/p>\t\t\t\t\t\t<\/div>\n\t\t\t\t<\/div>\n\t\t\t\t\t<\/div>\n\t\t<\/div>\n\t\t\t\t<div class=\"elementor-column elementor-col-50 elementor-top-column elementor-element elementor-element-c842e9a\" data-id=\"c842e9a\" data-element_type=\"column\">\n\t\t\t<div class=\"elementor-widget-wrap elementor-element-populated\">\n\t\t\t\t\t\t<div class=\"elementor-element elementor-element-d64c4b7 elementor-widget elementor-widget-image\" data-id=\"d64c4b7\" data-element_type=\"widget\" data-widget_type=\"image.default\">\n\t\t\t\t<div class=\"elementor-widget-container\">\n\t\t\t\t\t\t\t\t\t\t\t\t\t<img fetchpriority=\"high\" decoding=\"async\" width=\"1024\" height=\"892\" src=\"https:\/\/algortakojaibatzordea.eus\/wp-content\/uploads\/2020\/05\/logoa-1-1024x892.jpg\" class=\"attachment-large size-large wp-image-609\" alt=\"logo_con_fondo_letras\" srcset=\"https:\/\/algortakojaibatzordea.eus\/wp-content\/uploads\/2020\/05\/logoa-1-1024x892.jpg 1024w, https:\/\/algortakojaibatzordea.eus\/wp-content\/uploads\/2020\/05\/logoa-1-300x261.jpg 300w, https:\/\/algortakojaibatzordea.eus\/wp-content\/uploads\/2020\/05\/logoa-1-768x669.jpg 768w, https:\/\/algortakojaibatzordea.eus\/wp-content\/uploads\/2020\/05\/logoa-1-1536x1338.jpg 1536w, https:\/\/algortakojaibatzordea.eus\/wp-content\/uploads\/2020\/05\/logoa-1-830x723.jpg 830w, https:\/\/algortakojaibatzordea.eus\/wp-content\/uploads\/2020\/05\/logoa-1-230x200.jpg 230w, https:\/\/algortakojaibatzordea.eus\/wp-content\/uploads\/2020\/05\/logoa-1-350x305.jpg 350w, https:\/\/algortakojaibatzordea.eus\/wp-content\/uploads\/2020\/05\/logoa-1-480x418.jpg 480w, https:\/\/algortakojaibatzordea.eus\/wp-content\/uploads\/2020\/05\/logoa-1.jpg 1671w\" sizes=\"(max-width: 1024px) 100vw, 1024px\" \/>\t\t\t\t\t\t\t\t\t\t\t\t\t<\/div>\n\t\t\t\t<\/div>\n\t\t\t\t\t<\/div>\n\t\t<\/div>\n\t\t\t\t\t<\/div>\n\t\t<\/section>\n\t\t\t\t<section class=\"elementor-section elementor-top-section elementor-element elementor-element-1019cc5 elementor-section-boxed elementor-section-height-default elementor-section-height-default\" data-id=\"1019cc5\" data-element_type=\"section\">\n\t\t\t\t\t\t<div class=\"elementor-container elementor-column-gap-default\">\n\t\t\t\t\t<div class=\"elementor-column elementor-col-100 elementor-top-column elementor-element elementor-element-91604d4\" data-id=\"91604d4\" data-element_type=\"column\">\n\t\t\t<div class=\"elementor-widget-wrap\">\n\t\t\t\t\t\t\t<\/div>\n\t\t<\/div>\n\t\t\t\t\t<\/div>\n\t\t<\/section>\n\t\t\t\t<section class=\"elementor-section elementor-top-section elementor-element elementor-element-40ce5a1 elementor-section-stretched elementor-section-height-min-height elementor-section-boxed elementor-section-height-default elementor-section-items-middle\" data-id=\"40ce5a1\" data-element_type=\"section\" data-settings=\"{&quot;stretch_section&quot;:&quot;section-stretched&quot;,&quot;background_background&quot;:&quot;classic&quot;}\">\n\t\t\t\t\t\t<div class=\"elementor-container elementor-column-gap-default\">\n\t\t\t\t\t<div class=\"elementor-column elementor-col-20 elementor-top-column elementor-element elementor-element-da70b59\" data-id=\"da70b59\" data-element_type=\"column\">\n\t\t\t<div class=\"elementor-widget-wrap elementor-element-populated\">\n\t\t\t\t\t\t<div class=\"elementor-element elementor-element-3ce38f4 elementor-widget elementor-widget-image\" data-id=\"3ce38f4\" data-element_type=\"widget\" data-widget_type=\"image.default\">\n\t\t\t\t<div class=\"elementor-widget-container\">\n\t\t\t\t\t\t\t\t\t\t\t\t\t<img decoding=\"async\" width=\"354\" height=\"500\" src=\"https:\/\/algortakojaibatzordea.eus\/wp-content\/uploads\/2020\/05\/2017_kartela.jpg\" class=\"attachment-large size-large wp-image-588\" alt=\"2017_kartela\" srcset=\"https:\/\/algortakojaibatzordea.eus\/wp-content\/uploads\/2020\/05\/2017_kartela.jpg 354w, https:\/\/algortakojaibatzordea.eus\/wp-content\/uploads\/2020\/05\/2017_kartela-212x300.jpg 212w, https:\/\/algortakojaibatzordea.eus\/wp-content\/uploads\/2020\/05\/2017_kartela-230x325.jpg 230w, https:\/\/algortakojaibatzordea.eus\/wp-content\/uploads\/2020\/05\/2017_kartela-350x494.jpg 350w\" sizes=\"(max-width: 354px) 100vw, 354px\" \/>\t\t\t\t\t\t\t\t\t\t\t\t\t<\/div>\n\t\t\t\t<\/div>\n\t\t\t\t\t<\/div>\n\t\t<\/div>\n\t\t\t\t<div class=\"elementor-column elementor-col-20 elementor-top-column elementor-element elementor-element-fb7e563\" data-id=\"fb7e563\" data-element_type=\"column\">\n\t\t\t<div class=\"elementor-widget-wrap elementor-element-populated\">\n\t\t\t\t\t\t<div class=\"elementor-element elementor-element-09b9239 elementor-widget elementor-widget-image\" data-id=\"09b9239\" data-element_type=\"widget\" data-widget_type=\"image.default\">\n\t\t\t\t<div class=\"elementor-widget-container\">\n\t\t\t\t\t\t\t\t\t\t\t\t\t<img decoding=\"async\" width=\"373\" height=\"500\" src=\"https:\/\/algortakojaibatzordea.eus\/wp-content\/uploads\/2020\/05\/2018_kartela.jpg\" class=\"attachment-large size-large wp-image-589\" alt=\"2018_kartela\" srcset=\"https:\/\/algortakojaibatzordea.eus\/wp-content\/uploads\/2020\/05\/2018_kartela.jpg 373w, https:\/\/algortakojaibatzordea.eus\/wp-content\/uploads\/2020\/05\/2018_kartela-224x300.jpg 224w, https:\/\/algortakojaibatzordea.eus\/wp-content\/uploads\/2020\/05\/2018_kartela-230x308.jpg 230w, https:\/\/algortakojaibatzordea.eus\/wp-content\/uploads\/2020\/05\/2018_kartela-350x469.jpg 350w\" sizes=\"(max-width: 373px) 100vw, 373px\" \/>\t\t\t\t\t\t\t\t\t\t\t\t\t<\/div>\n\t\t\t\t<\/div>\n\t\t\t\t\t<\/div>\n\t\t<\/div>\n\t\t\t\t<div class=\"elementor-column elementor-col-20 elementor-top-column elementor-element elementor-element-389ddf9\" data-id=\"389ddf9\" data-element_type=\"column\">\n\t\t\t<div class=\"elementor-widget-wrap elementor-element-populated\">\n\t\t\t\t\t\t<div class=\"elementor-element elementor-element-33fcf00 elementor-widget elementor-widget-image\" data-id=\"33fcf00\" data-element_type=\"widget\" data-widget_type=\"image.default\">\n\t\t\t\t<div class=\"elementor-widget-container\">\n\t\t\t\t\t\t\t\t\t\t\t\t\t<img loading=\"lazy\" decoding=\"async\" width=\"360\" height=\"500\" src=\"https:\/\/algortakojaibatzordea.eus\/wp-content\/uploads\/2020\/05\/2009_kartela.jpg\" class=\"attachment-large size-large wp-image-585\" alt=\"2009_kartela\" srcset=\"https:\/\/algortakojaibatzordea.eus\/wp-content\/uploads\/2020\/05\/2009_kartela.jpg 360w, https:\/\/algortakojaibatzordea.eus\/wp-content\/uploads\/2020\/05\/2009_kartela-216x300.jpg 216w, https:\/\/algortakojaibatzordea.eus\/wp-content\/uploads\/2020\/05\/2009_kartela-230x319.jpg 230w, https:\/\/algortakojaibatzordea.eus\/wp-content\/uploads\/2020\/05\/2009_kartela-350x486.jpg 350w\" sizes=\"(max-width: 360px) 100vw, 360px\" \/>\t\t\t\t\t\t\t\t\t\t\t\t\t<\/div>\n\t\t\t\t<\/div>\n\t\t\t\t\t<\/div>\n\t\t<\/div>\n\t\t\t\t<div class=\"elementor-column elementor-col-20 elementor-top-column elementor-element elementor-element-5192f8b\" data-id=\"5192f8b\" data-element_type=\"column\">\n\t\t\t<div class=\"elementor-widget-wrap elementor-element-populated\">\n\t\t\t\t\t\t<div class=\"elementor-element elementor-element-4190044 elementor-widget elementor-widget-image\" data-id=\"4190044\" data-element_type=\"widget\" data-widget_type=\"image.default\">\n\t\t\t\t<div class=\"elementor-widget-container\">\n\t\t\t\t\t\t\t\t\t\t\t\t\t<img loading=\"lazy\" decoding=\"async\" width=\"357\" height=\"500\" src=\"https:\/\/algortakojaibatzordea.eus\/wp-content\/uploads\/2020\/05\/2014_kartela.jpg\" class=\"attachment-large size-large wp-image-587\" alt=\"2014_kartela\" srcset=\"https:\/\/algortakojaibatzordea.eus\/wp-content\/uploads\/2020\/05\/2014_kartela.jpg 357w, https:\/\/algortakojaibatzordea.eus\/wp-content\/uploads\/2020\/05\/2014_kartela-214x300.jpg 214w, https:\/\/algortakojaibatzordea.eus\/wp-content\/uploads\/2020\/05\/2014_kartela-230x322.jpg 230w, https:\/\/algortakojaibatzordea.eus\/wp-content\/uploads\/2020\/05\/2014_kartela-350x490.jpg 350w\" sizes=\"(max-width: 357px) 100vw, 357px\" \/>\t\t\t\t\t\t\t\t\t\t\t\t\t<\/div>\n\t\t\t\t<\/div>\n\t\t\t\t\t<\/div>\n\t\t<\/div>\n\t\t\t\t<div class=\"elementor-column elementor-col-20 elementor-top-column elementor-element elementor-element-e367e3e\" data-id=\"e367e3e\" data-element_type=\"column\">\n\t\t\t<div class=\"elementor-widget-wrap elementor-element-populated\">\n\t\t\t\t\t\t<div class=\"elementor-element elementor-element-c394d8c elementor-widget elementor-widget-image\" data-id=\"c394d8c\" data-element_type=\"widget\" data-widget_type=\"image.default\">\n\t\t\t\t<div class=\"elementor-widget-container\">\n\t\t\t\t\t\t\t\t\t\t\t\t\t<img loading=\"lazy\" decoding=\"async\" width=\"357\" height=\"500\" src=\"https:\/\/algortakojaibatzordea.eus\/wp-content\/uploads\/2020\/05\/2011_kartela.jpg\" class=\"attachment-large size-large wp-image-586\" alt=\"2011_kartela\" srcset=\"https:\/\/algortakojaibatzordea.eus\/wp-content\/uploads\/2020\/05\/2011_kartela.jpg 357w, https:\/\/algortakojaibatzordea.eus\/wp-content\/uploads\/2020\/05\/2011_kartela-214x300.jpg 214w, https:\/\/algortakojaibatzordea.eus\/wp-content\/uploads\/2020\/05\/2011_kartela-230x322.jpg 230w, https:\/\/algortakojaibatzordea.eus\/wp-content\/uploads\/2020\/05\/2011_kartela-350x490.jpg 350w\" sizes=\"(max-width: 357px) 100vw, 357px\" \/>\t\t\t\t\t\t\t\t\t\t\t\t\t<\/div>\n\t\t\t\t<\/div>\n\t\t\t\t\t<\/div>\n\t\t<\/div>\n\t\t\t\t\t<\/div>\n\t\t<\/section>\n\t\t\t\t<section class=\"elementor-section elementor-top-section elementor-element elementor-element-8227828 elementor-section-boxed elementor-section-height-default elementor-section-height-default\" data-id=\"8227828\" data-element_type=\"section\">\n\t\t\t\t\t\t<div class=\"elementor-container elementor-column-gap-default\">\n\t\t\t\t\t<div class=\"elementor-column elementor-col-100 elementor-top-column elementor-element elementor-element-6314184\" data-id=\"6314184\" data-element_type=\"column\">\n\t\t\t<div class=\"elementor-widget-wrap\">\n\t\t\t\t\t\t\t<\/div>\n\t\t<\/div>\n\t\t\t\t\t<\/div>\n\t\t<\/section>\n\t\t\t\t<section class=\"elementor-section elementor-top-section elementor-element elementor-element-d77e53d elementor-section-boxed elementor-section-height-default elementor-section-height-default\" data-id=\"d77e53d\" data-element_type=\"section\">\n\t\t\t\t\t\t<div class=\"elementor-container elementor-column-gap-default\">\n\t\t\t\t\t<div class=\"elementor-column elementor-col-100 elementor-top-column elementor-element elementor-element-f524b09\" data-id=\"f524b09\" data-element_type=\"column\">\n\t\t\t<div class=\"elementor-widget-wrap elementor-element-populated\">\n\t\t\t\t\t\t<div class=\"elementor-element elementor-element-1070686 elementor-widget elementor-widget-heading\" data-id=\"1070686\" data-element_type=\"widget\" data-widget_type=\"heading.default\">\n\t\t\t\t<div class=\"elementor-widget-container\">\n\t\t\t<h1 class=\"elementor-heading-title elementor-size-default\">\u00faltimas noticias<\/h1>\t\t<\/div>\n\t\t\t\t<\/div>\n\t\t\t\t<div class=\"elementor-element elementor-element-e538d97 latest_news elementor-widget elementor-widget-athemes-posts\" data-id=\"e538d97\" data-element_type=\"widget\" data-widget_type=\"athemes-posts.default\">\n\t\t\t\t<div class=\"elementor-widget-container\">\n\t\t\t\n\t\t<div class=\"panel-grid-cell\">\t\t\t<div class=\"latest-news-wrapper carousel owl-carousel row style1\">\n\t\t\t\t\t\t\t<div class=\"blog-post col-md-12\">\n\t\t\t\t\t\t\t\t\t<div class=\"entry-thumb\">\n\t\t\t\t\t\t<a href=\"https:\/\/algortakojaibatzordea.eus\/index.php\/es\/2024\/04\/23\/algortako-jaiak-2023-programa\/\" title=\"Algortako Jaiak 2023 Programa\">\n\t\t\t\t\t\t\t<img loading=\"lazy\" decoding=\"async\" width=\"357\" height=\"146\" src=\"https:\/\/algortakojaibatzordea.eus\/wp-content\/uploads\/2024\/04\/Algortako-Jaiak-2023-web-e1713881267162.jpg\" class=\"attachment-medium-thumb size-medium-thumb wp-post-image\" alt=\"\" srcset=\"https:\/\/algortakojaibatzordea.eus\/wp-content\/uploads\/2024\/04\/Algortako-Jaiak-2023-web-e1713881267162.jpg 357w, https:\/\/algortakojaibatzordea.eus\/wp-content\/uploads\/2024\/04\/Algortako-Jaiak-2023-web-e1713881267162-300x123.jpg 300w, https:\/\/algortakojaibatzordea.eus\/wp-content\/uploads\/2024\/04\/Algortako-Jaiak-2023-web-e1713881267162-230x94.jpg 230w, https:\/\/algortakojaibatzordea.eus\/wp-content\/uploads\/2024\/04\/Algortako-Jaiak-2023-web-e1713881267162-350x143.jpg 350w, https:\/\/algortakojaibatzordea.eus\/wp-content\/uploads\/2024\/04\/Algortako-Jaiak-2023-web-e1713881267162-24x10.jpg 24w, https:\/\/algortakojaibatzordea.eus\/wp-content\/uploads\/2024\/04\/Algortako-Jaiak-2023-web-e1713881267162-36x15.jpg 36w, https:\/\/algortakojaibatzordea.eus\/wp-content\/uploads\/2024\/04\/Algortako-Jaiak-2023-web-e1713881267162-48x20.jpg 48w\" sizes=\"(max-width: 357px) 100vw, 357px\" \/>\t\t\t\t\t\t<\/a>\t\t\t\n\t\t\t\t\t<\/div>\t\n\t\t\t\t\t\t\t\t\t\t\n\t\t\t\t\t\t\t\t\t<div class=\"entry-meta delimiter-dot\">\n\t\t\t\t\t\t\t\t\t\t\t\t\t\t\t\t\n\t\t\t\t\t<\/div>\n\t\t\t\t\t\t\t\t<h4 class=\"entry-title\"><a href=\"https:\/\/algortakojaibatzordea.eus\/index.php\/es\/2024\/04\/23\/algortako-jaiak-2023-programa\/\" rel=\"bookmark\">Algortako Jaiak 2023 Programa<\/a><\/h4>\t\t\t\t\t<div class=\"entry-summary\">\n\t\t\t\t\t<p>Aqu\u00ed ten\u00e9is disponible el programa de las fiestas de Algorta del 2023 Programa 2023<\/p>\n<\/div>\n\t\t\t\t<\/div>\n\t\t\t\t\t\t\t<div class=\"blog-post col-md-12\">\n\t\t\t\t\t\t\t\t\t<div class=\"entry-thumb\">\n\t\t\t\t\t\t<a href=\"https:\/\/algortakojaibatzordea.eus\/index.php\/es\/2022\/07\/25\/algortako-jaiak-2022-programa\/\" title=\"Algortako Jaiak 2022 Programa\">\n\t\t\t\t\t\t\t<img loading=\"lazy\" decoding=\"async\" width=\"707\" height=\"344\" src=\"https:\/\/algortakojaibatzordea.eus\/wp-content\/uploads\/2022\/07\/Captura-de-Pantalla-2022-07-25-a-las-22.57.34.png\" class=\"attachment-medium-thumb size-medium-thumb wp-post-image\" alt=\"\" srcset=\"https:\/\/algortakojaibatzordea.eus\/wp-content\/uploads\/2022\/07\/Captura-de-Pantalla-2022-07-25-a-las-22.57.34.png 707w, https:\/\/algortakojaibatzordea.eus\/wp-content\/uploads\/2022\/07\/Captura-de-Pantalla-2022-07-25-a-las-22.57.34-300x146.png 300w, https:\/\/algortakojaibatzordea.eus\/wp-content\/uploads\/2022\/07\/Captura-de-Pantalla-2022-07-25-a-las-22.57.34-230x112.png 230w, https:\/\/algortakojaibatzordea.eus\/wp-content\/uploads\/2022\/07\/Captura-de-Pantalla-2022-07-25-a-las-22.57.34-350x170.png 350w, https:\/\/algortakojaibatzordea.eus\/wp-content\/uploads\/2022\/07\/Captura-de-Pantalla-2022-07-25-a-las-22.57.34-480x234.png 480w, https:\/\/algortakojaibatzordea.eus\/wp-content\/uploads\/2022\/07\/Captura-de-Pantalla-2022-07-25-a-las-22.57.34-24x12.png 24w, https:\/\/algortakojaibatzordea.eus\/wp-content\/uploads\/2022\/07\/Captura-de-Pantalla-2022-07-25-a-las-22.57.34-36x18.png 36w, https:\/\/algortakojaibatzordea.eus\/wp-content\/uploads\/2022\/07\/Captura-de-Pantalla-2022-07-25-a-las-22.57.34-48x23.png 48w\" sizes=\"(max-width: 707px) 100vw, 707px\" \/>\t\t\t\t\t\t<\/a>\t\t\t\n\t\t\t\t\t<\/div>\t\n\t\t\t\t\t\t\t\t\t\t\n\t\t\t\t\t\t\t\t\t<div class=\"entry-meta delimiter-dot\">\n\t\t\t\t\t\t\t\t\t\t\t\t\t\t\t\t\n\t\t\t\t\t<\/div>\n\t\t\t\t\t\t\t\t<h4 class=\"entry-title\"><a href=\"https:\/\/algortakojaibatzordea.eus\/index.php\/es\/2022\/07\/25\/algortako-jaiak-2022-programa\/\" rel=\"bookmark\">Algortako Jaiak 2022 Programa<\/a><\/h4>\t\t\t\t\t<div class=\"entry-summary\">\n\t\t\t\t\t<p>Aqu\u00ed ten\u00e9is disponible el programa de las fiestas de Algorta del 2022 Programa 2022<\/p>\n<\/div>\n\t\t\t\t<\/div>\n\t\t\t\t\t\t\t<div class=\"blog-post col-md-12\">\n\t\t\t\t\t\t\t\t\t<div class=\"entry-thumb\">\n\t\t\t\t\t\t<a href=\"https:\/\/algortakojaibatzordea.eus\/index.php\/es\/2021\/12\/02\/algortako-aste-kulturala-consigue-tus-entrada\/\" title=\"Algortako Aste Kulturala &#8211; Consigue tus Entrada\">\n\t\t\t\t\t\t\t<img loading=\"lazy\" decoding=\"async\" width=\"1014\" height=\"227\" src=\"https:\/\/algortakojaibatzordea.eus\/wp-content\/uploads\/2021\/11\/algorta_aste_kul_enc.jpg\" class=\"attachment-medium-thumb size-medium-thumb wp-post-image\" alt=\"\" srcset=\"https:\/\/algortakojaibatzordea.eus\/wp-content\/uploads\/2021\/11\/algorta_aste_kul_enc.jpg 1014w, https:\/\/algortakojaibatzordea.eus\/wp-content\/uploads\/2021\/11\/algorta_aste_kul_enc-300x67.jpg 300w, https:\/\/algortakojaibatzordea.eus\/wp-content\/uploads\/2021\/11\/algorta_aste_kul_enc-768x172.jpg 768w, https:\/\/algortakojaibatzordea.eus\/wp-content\/uploads\/2021\/11\/algorta_aste_kul_enc-830x186.jpg 830w, https:\/\/algortakojaibatzordea.eus\/wp-content\/uploads\/2021\/11\/algorta_aste_kul_enc-230x51.jpg 230w, https:\/\/algortakojaibatzordea.eus\/wp-content\/uploads\/2021\/11\/algorta_aste_kul_enc-350x78.jpg 350w, https:\/\/algortakojaibatzordea.eus\/wp-content\/uploads\/2021\/11\/algorta_aste_kul_enc-480x107.jpg 480w, https:\/\/algortakojaibatzordea.eus\/wp-content\/uploads\/2021\/11\/algorta_aste_kul_enc-24x5.jpg 24w, https:\/\/algortakojaibatzordea.eus\/wp-content\/uploads\/2021\/11\/algorta_aste_kul_enc-36x8.jpg 36w, https:\/\/algortakojaibatzordea.eus\/wp-content\/uploads\/2021\/11\/algorta_aste_kul_enc-48x11.jpg 48w\" sizes=\"(max-width: 1014px) 100vw, 1014px\" \/>\t\t\t\t\t\t<\/a>\t\t\t\n\t\t\t\t\t<\/div>\t\n\t\t\t\t\t\t\t\t\t\t\n\t\t\t\t\t\t\t\t\t<div class=\"entry-meta delimiter-dot\">\n\t\t\t\t\t\t\t\t\t\t\t\t\t\t\t\t\n\t\t\t\t\t<\/div>\n\t\t\t\t\t\t\t\t<h4 class=\"entry-title\"><a href=\"https:\/\/algortakojaibatzordea.eus\/index.php\/es\/2021\/12\/02\/algortako-aste-kulturala-consigue-tus-entrada\/\" rel=\"bookmark\">Algortako Aste Kulturala &#8211; Consigue tus Entrada<\/a><\/h4>\t\t\t\t\t<div class=\"entry-summary\">\n\t\t\t\t\t<p>Para participar en las diferentes actividades que ha organizado la Comisi\u00f3n de Fiesta de Algorta en su Semana Cultural pincha aqu\u00ed!!<\/p>\n<\/div>\n\t\t\t\t<\/div>\n\t\t\t\t\t\t<\/div>\n\t\t<\/div>\n\n\t\t\t\t\t\t\t\t\t\t\t\t<a href=\"https:\/\/algortakojaibatzordea.eus\/index.php\/es\/category\/fiestas-de-algorta\/\" class=\"roll-button more-button\">View All Posts<\/a>\n\t\t\t\t\n\t\t\t\n\t\t\n\t\t\t\t<\/div>\n\t\t\t\t<\/div>\n\t\t\t\t\t<\/div>\n\t\t<\/div>\n\t\t\t\t\t<\/div>\n\t\t<\/section>\n\t\t\t\t<\/div>\n\t\t","protected":false},"excerpt":{"rendered":"<p>Quienes Somos Aunque durante muchos a\u00f1os antes se hab\u00edan realizado diversos actos y\u00a0eventos para celebrar el Patr\u00f3n de San Ignacio\u00a0el 31 de [&hellip;]<\/p>\n","protected":false},"author":1,"featured_media":0,"parent":0,"menu_order":0,"comment_status":"closed","ping_status":"closed","template":"page-templates\/page_front-page.php","meta":{"_price":"","_stock":"","_tribe_ticket_header":"","_tribe_default_ticket_provider":"","_tribe_ticket_capacity":"0","_ticket_start_date":"","_ticket_end_date":"","_tribe_ticket_show_description":"","_tribe_ticket_show_not_going":false,"_tribe_ticket_use_global_stock":"","_tribe_ticket_global_stock_level":"","_global_stock_mode":"","_global_stock_cap":"","_tribe_rsvp_for_event":"","_tribe_ticket_going_count":"","_tribe_ticket_not_going_count":"","_tribe_tickets_list":"[]","_tribe_ticket_has_attendee_info_fields":false,"_EventAllDay":false,"_EventTimezone":"","_EventStartDate":"","_EventEndDate":"","_EventStartDateUTC":"","_EventEndDateUTC":"","_EventShowMap":false,"_EventShowMapLink":false,"_EventURL":"","_EventCost":"","_EventCostDescription":"","_EventCurrencySymbol":"","_EventCurrencyCode":"","_EventCurrencyPosition":"","_EventDateTimeSeparator":"","_EventTimeRangeSeparator":"","_EventOrganizerID":[],"_EventVenueID":[],"_OrganizerEmail":"","_OrganizerPhone":"","_OrganizerWebsite":"","_VenueAddress":"","_VenueCity":"","_VenueCountry":"","_VenueProvince":"","_VenueState":"","_VenueZip":"","_VenuePhone":"","_VenueURL":"","_VenueStateProvince":"","_VenueLat":"","_VenueLng":"","_VenueShowMap":false,"_VenueShowMapLink":false,"footnotes":""},"_links":{"self":[{"href":"https:\/\/algortakojaibatzordea.eus\/index.php\/wp-json\/wp\/v2\/pages\/576"}],"collection":[{"href":"https:\/\/algortakojaibatzordea.eus\/index.php\/wp-json\/wp\/v2\/pages"}],"about":[{"href":"https:\/\/algortakojaibatzordea.eus\/index.php\/wp-json\/wp\/v2\/types\/page"}],"author":[{"embeddable":true,"href":"https:\/\/algortakojaibatzordea.eus\/index.php\/wp-json\/wp\/v2\/users\/1"}],"replies":[{"embeddable":true,"href":"https:\/\/algortakojaibatzordea.eus\/index.php\/wp-json\/wp\/v2\/comments?post=576"}],"version-history":[{"count":26,"href":"https:\/\/algortakojaibatzordea.eus\/index.php\/wp-json\/wp\/v2\/pages\/576\/revisions"}],"predecessor-version":[{"id":771,"href":"https:\/\/algortakojaibatzordea.eus\/index.php\/wp-json\/wp\/v2\/pages\/576\/revisions\/771"}],"wp:attachment":[{"href":"https:\/\/algortakojaibatzordea.eus\/index.php\/wp-json\/wp\/v2\/media?parent=576"}],"curies":[{"name":"wp","href":"https:\/\/api.w.org\/{rel}","templated":true}]}}